{"id":2805,"date":"2022-04-01T14:46:00","date_gmt":"2022-04-01T12:46:00","guid":{"rendered":"https:\/\/trastis.com\/preguntes-frequents-en-el-lloguer-de-trasters\/"},"modified":"2026-04-15T12:42:15","modified_gmt":"2026-04-15T10:42:15","slug":"preguntas-frecuentes-en-el-alquiler-de-trasteros","status":"publish","type":"page","link":"https:\/\/trastis.com\/es\/preguntas-frecuentes-en-el-alquiler-de-trasteros\/","title":{"rendered":"Preguntas frecuentes en el alquiler de trasteros"},"content":{"rendered":"\n<div class=\"wp-block-group alignfull has-base-color has-primary-background-color has-text-color has-background is-layout-flow wp-block-group-is-layout-flow\" id=\"top\">\n<div class=\"wp-block-group is-layout-constrained wp-container-1 wp-block-group-is-layout-constrained\" style=\"padding-top:20px;padding-bottom:20px\">\n<h1 class=\"wp-block-heading alignwide has-max-36-font-size\" style=\"font-style:normal;font-weight:600\">Preguntas frecuentes sobre el alquiler de trasteros<\/h1>\n<\/div>\n<\/div>\n\n\n\n<div class=\"wp-block-group alignfull mt-0 has-background is-layout-flow wp-block-group-is-layout-flow\" style=\"background-color:#f0f0f0\">\n<div class=\"wp-block-group is-layout-constrained wp-container-6 wp-block-group-is-layout-constrained\" style=\"padding-top:50px;padding-bottom:80px\">\n<h2 class=\"wp-block-heading has-max-36-font-size\" style=\"font-style:normal;font-weight:600\">FAQ<\/h2>\n\n\n\n<div class=\"wp-block-columns is-layout-flex wp-container-5 wp-block-columns-is-layout-flex\">\n<div class=\"wp-block-column is-layout-flow wp-block-column-is-layout-flow\">\n<h3 class=\"wp-block-heading has-x-large-font-size\" style=\"margin-top:50px;font-style:normal;font-weight:600\">Sobre qu\u00e9 trastero escoger<\/h3>\n\n\n\n<ul>\n<li><a href=\"#mides\">\u00bfQu\u00e9 tama\u00f1o de trasteros debo elegir?<\/a><\/li>\n\n\n\n<li><a href=\"#canvi\">Si el tama\u00f1o elegido no me va bien, \u00bfluego se puede cambiar de trastero?<\/a><\/li>\n\n\n\n<li><a href=\"#visita\">\u00bfPuedo visitar los trasteros?<\/a><\/li>\n<\/ul>\n\n\n\n<h3 class=\"wp-block-heading has-x-large-font-size\" style=\"margin-top:50px;font-style:normal;font-weight:600\">Sobre la reserva<\/h3>\n\n\n\n<ul>\n<li><a href=\"#reservar\">\u00bfC\u00f3mo reservar?<\/a><\/li>\n<\/ul>\n\n\n\n<h3 class=\"wp-block-heading has-x-large-font-size\" style=\"margin-top:50px;font-style:normal;font-weight:600\">Sobre el contrato<\/h3>\n\n\n\n<ul>\n<li><a href=\"#contractar\">\u00bfC\u00f3mo contratar?<\/a><\/li>\n\n\n\n<li><a href=\"#duracio\">\u00bfCu\u00e1l es la duraci\u00f3n m\u00ednima del contrato?<\/a><\/li>\n\n\n\n<li><a href=\"#cancelar\">\u00bfC\u00f3mo finalizar el contrato y dejar el trastero?<\/a><\/li>\n\n\n\n<li><a href=\"#fian\u00e7a\">\u00bfPara qu\u00e9 sirve la fianza?<\/a><\/li>\n\n\n\n<li><a href=\"#retorn_fian%C3%A7a\">\u00bfC\u00f3mo y cu\u00e1ndo se devuelve la fianza?<\/a><\/li>\n<\/ul>\n<\/div>\n\n\n\n<div class=\"wp-block-column is-layout-flow wp-block-column-is-layout-flow\">\n<h3 class=\"wp-block-heading has-x-large-font-size\" style=\"margin-top:50px;font-style:normal;font-weight:600\">Sobre el trastero<\/h3>\n\n\n\n<ul>\n<li><a href=\"https:\/\/trastis.com\/preguntes-frequents-en-el-lloguer-de-trasters\/#horari\"><\/a><a href=\"#horari\">\u00bfCu\u00e1l es el horario de acceso?<\/a><\/li>\n\n\n\n<li><a href=\"#acces\"><\/a><a href=\"#acces\">\u00bfC\u00f3mo se accede a los trasteros?<\/a><\/li>\n\n\n\n<li><a href=\"https:\/\/trastis.com\/preguntes-frequents-en-el-lloguer-de-trasters\/#mides\"><\/a><a href=\"#mides\">\u00bfQu\u00e9 medidas tienen los trasteros?<\/a><\/li>\n\n\n\n<li><a href=\"#portes\"><\/a><a href=\"#portes\">\u00bfQu\u00e9 dimensiones tienen las puertas de los trasteros?<\/a><\/li>\n\n\n\n<li><a href=\"#seguro\"><\/a><a href=\"#seguro\">\u00bfLos trasteros tienen seguro?<\/a><\/li>\n\n\n\n<li><a href=\"#estanteries\"><\/a><a href=\"#estanteries\">\u00bfSe pueden poner estanter\u00edas, colgar cosas o hacer agujeros?<\/a><\/li>\n\n\n\n<li><a href=\"#tanca\"><\/a><a href=\"#tanca\">\u00bfC\u00f3mo se cierra mi trastero?<\/a><\/li>\n\n\n\n<li><a href=\"#electric\"><\/a><a href=\"#electric\">\u00bfSe puede tener suministro el\u00e9ctrico?<\/a><\/li>\n\n\n\n<li><a href=\"#que\"><\/a><a href=\"#que\">\u00bfQu\u00e9 se puede almacenar?<\/a><\/li>\n\n\n\n<li><a href=\"#fer\"><\/a><a href=\"#fer\">\u00bfQu\u00e9 se puede hacer?<\/a><\/li>\n\n\n\n<li><a href=\"#emergencia\">\u00bfQu\u00e9 hacer en caso de emergencia o problemas t\u00e9cnicos?<\/a><\/li>\n\n\n\n<li><a href=\"#cancelar\"><\/a><a href=\"#cancelar\">\u00bfC\u00f3mo dejar el trastero?<\/a><\/li>\n\n\n\n<li><a href=\"#retorn_fian\"><\/a><a href=\"#retorn_fian%C3%A7a\">\u00bfC\u00f3mo me devolver\u00e1n la fianza?<\/a><\/li>\n<\/ul>\n<\/div>\n<\/div>\n<\/div>\n<\/div>\n\n\n\n<div class=\"wp-block-group alignfull is-layout-flow wp-block-group-is-layout-flow\" id=\"mides\">\n<div class=\"wp-block-group is-layout-constrained wp-container-8 wp-block-group-is-layout-constrained\" style=\"padding-top:30px;padding-bottom:30px\">\n<hr class=\"wp-block-separator has-text-color has-contrast-color has-alpha-channel-opacity has-contrast-background-color has-background is-style-wide\"\/>\n\n\n\n<h2 class=\"wp-block-heading alignwide has-x-large-font-size\" style=\"margin-top:50px;font-style:normal;font-weight:600\"><strong><strong>\u00bfQu\u00e9 medidas tienen los trasteros?<\/strong><\/strong><\/h2>\n\n\n\n<p>Nuestros trasteros tienen dos alturas diferentes.<\/p>\n\n\n\n<p><strong>Minibox:&nbsp;<\/strong>Son nuestros trasteros m\u00e1s peque\u00f1os y econ\u00f3micos. Suelen estar a los niveles superiores. Tienen&nbsp;<strong>1 metro de altura<\/strong>&nbsp;con tama\u00f1os que van de&nbsp;<strong>1 m\u00b3 hasta 3 m\u00b3.<\/strong>&nbsp;Son id\u00f3neos para guardar maletas, cajas medianas, neum\u00e1ticos \u2026 y los m\u00e1s profundos incluso para cofres de coche, esqu\u00eds, palos de golf \u2026<\/p>\n\n\n\n<p><strong>Box:&nbsp;<\/strong>Son nuestros trasteros est\u00e1ndares y est\u00e1n al nivel del pasillo. Tienen entre&nbsp;<strong>2,2 metros y 3 metros de altura<\/strong>&nbsp;y tienen tama\u00f1os que van desde&nbsp;<strong>1 m\u00b2 hasta m\u00e1s de 14 m\u00b2<\/strong>. Son ideales para guardar los trastos que no te caben en casa: desde una bicicleta o el cochecito del ni\u00f1o hasta el contenido de un piso entero.<\/p>\n\n\n\n<p>Consulta nuestra&nbsp;<a href=\"https:\/\/trastis.com\/es\/guia-de-tamanos-de-trasteros\/\">gu\u00eda de tama\u00f1os para m\u00e1s informaci\u00f3n.<\/a><\/p>\n\n\n\n<p class=\"has-text-align-right\"><a href=\"#top\">Volver<\/a> <\/p>\n<\/div>\n<\/div>\n\n\n\n<div class=\"wp-block-group alignfull is-layout-flow wp-block-group-is-layout-flow\" id=\"canvi\">\n<div class=\"wp-block-group is-layout-constrained wp-container-10 wp-block-group-is-layout-constrained\" style=\"padding-top:30px;padding-bottom:30px\">\n<hr class=\"wp-block-separator has-text-color has-contrast-color has-alpha-channel-opacity has-contrast-background-color has-background is-style-wide\"\/>\n\n\n\n<h2 class=\"wp-block-heading alignwide has-x-large-font-size\" style=\"margin-top:50px;font-style:normal;font-weight:600\"><strong><strong>Si la mida escollida no em va b\u00e9, despr\u00e9s es pot canviar de traster?<\/strong><\/strong><\/h2>\n\n\n\n<p>S\u00ed, siempre que se quiera y sin penalizaci\u00f3n.<\/p>\n\n\n\n<p class=\"has-text-align-right\"><a href=\"#top\"><\/a><a href=\"#top\">Volver<\/a> <\/p>\n<\/div>\n<\/div>\n\n\n\n<div class=\"wp-block-group alignfull is-layout-flow wp-block-group-is-layout-flow\" id=\"visita\">\n<div class=\"wp-block-group is-layout-constrained wp-container-12 wp-block-group-is-layout-constrained\" style=\"padding-top:30px;padding-bottom:30px\">\n<hr class=\"wp-block-separator has-text-color has-contrast-color has-alpha-channel-opacity has-contrast-background-color has-background is-style-wide\"\/>\n\n\n\n<h2 class=\"wp-block-heading alignwide has-x-large-font-size\" style=\"margin-top:50px;font-style:normal;font-weight:600\"><strong>\u00bfPuedo visitar los trasteros?<\/strong><\/h2>\n\n\n\n<p>Estaremos encantados de recibirte en nuestros centros Trastis para que puedas conocer mejor nuestras instalaciones y los sistemas de seguridad.<\/p>\n\n\n\n<p>Adem\u00e1s, podemos asesorarte sobre qu\u00e9 tama\u00f1o de trastero o almac\u00e9n se ajusta mejor a tus necesidades de espacio.<\/p>\n\n\n\n<p>Para concertar tu visita a tu centro m\u00e1s cercano puedes ponerte en contacto con nosotros visitando&nbsp;<a href=\"https:\/\/trastis.com\/es\/contacto\/\">este enlace.<\/a><\/p>\n\n\n\n<p class=\"has-text-align-right\"><a href=\"#top\"><\/a><a href=\"#top\">Volver<\/a> <\/p>\n<\/div>\n<\/div>\n\n\n\n<div class=\"wp-block-group alignfull is-layout-flow wp-block-group-is-layout-flow\" id=\"reservar\">\n<div class=\"wp-block-group is-layout-constrained wp-container-14 wp-block-group-is-layout-constrained\" style=\"padding-top:30px;padding-bottom:30px\">\n<hr class=\"wp-block-separator has-text-color has-contrast-color has-alpha-channel-opacity has-contrast-background-color has-background is-style-wide\"\/>\n\n\n\n<h2 class=\"wp-block-heading alignwide has-x-large-font-size\" style=\"margin-top:50px;font-style:normal;font-weight:600\"><strong>\u00bfC\u00f3mo reservar?<\/strong><\/h2>\n\n\n\n<p>Puedes reservar tu trastero por tel\u00e9fono o por internet hasta 14 d\u00edas antes de la entrada. No se puede reservar directamente al centro porque no hay oficina de atenci\u00f3n al p\u00fablico en el centro.<\/p>\n\n\n\n<p>Para concertar tu visita a tu centro m\u00e1s cercano puedes ponerte en contacto con nosotros visitando&nbsp;<a href=\"https:\/\/trastis.com\/es\/contacto\/\">este enlace.<\/a><\/p>\n\n\n\n<p>Para reservar trastero deber\u00e1s pagar el coste de una mensualidad con tarjeta bancaria.<\/p>\n\n\n\n<p>Si eres un particular, puedes anular la reserva trastero sin coste en un plazo m\u00e1ximo de 14 d\u00edas desde la formalizaci\u00f3n de la reserva, y siempre que no hayas tomado posesi\u00f3n de tu trastero. Si pasado el plazo de 14 d\u00edas para ejercer tu derecho de desistimiento decides cancelar tu reserva, te cobrar\u00e1 el mes de alquiler.<\/p>\n\n\n\n<p>Si eres un profesional si cancelas la reserva se te cobrar\u00e1 el mes de alquiler si decides cancelar tu reserva.<\/p>\n\n\n\n<p class=\"has-text-align-right\"><a href=\"#top\"><\/a><a href=\"#top\">Volver<\/a> <\/p>\n<\/div>\n<\/div>\n\n\n\n<div class=\"wp-block-group alignfull is-layout-flow wp-block-group-is-layout-flow\" id=\"contractar\">\n<div class=\"wp-block-group is-layout-constrained wp-container-16 wp-block-group-is-layout-constrained\" style=\"padding-top:30px;padding-bottom:30px\">\n<hr class=\"wp-block-separator has-text-color has-contrast-color has-alpha-channel-opacity has-contrast-background-color has-background is-style-wide\"\/>\n\n\n\n<h2 class=\"wp-block-heading alignwide has-x-large-font-size\" style=\"margin-top:50px;font-style:normal;font-weight:600\"><strong>\u00bfC\u00f3mo contratar?<\/strong><\/h2>\n\n\n\n<p>Para contratar un trastero&nbsp;<a href=\"https:\/\/trastis.com\/es\/contacto\/\">te puedes poner en contacto con nosotros.<\/a>&nbsp;Una vez nos hayamos puesto en contacto te pediremos la informaci\u00f3n necesaria para contratar. Deber\u00e1s saber:<\/p>\n\n\n\n<ul>\n<li>Qu\u00e9 centro quieres contratar<\/li>\n\n\n\n<li>El tama\u00f1o del trastero<\/li>\n\n\n\n<li>Qu\u00e9 duraci\u00f3n (mes a mes o prepago 1 a\u00f1o)<\/li>\n\n\n\n<li>Importe que quieres asegurar<\/li>\n\n\n\n<li>Si quieres alquilar estanter\u00edas (recuerda que no puedes colgar cosas ni hacer agujeros en la pared, techo o suelo).<\/li>\n\n\n\n<li>Si quieres comprar candados para cerrar el trastero<\/li>\n<\/ul>\n\n\n\n<p>Para formalizar la reserva necesitaremos que nos facilites tus datos personales y los datos de tu tarjeta bancaria y la cuenta donde domiciliar los recibos.<\/p>\n\n\n\n<p>Una vez hecha la reserva, te enviaremos un correo electr\u00f3nico de confirmaci\u00f3n en el que incluiremos las condiciones generales y particulares de tu contrato.<\/p>\n\n\n\n<p>S\u00f3lo tendr\u00e1s que aceptar estas condiciones online, hacer el pago de la reserva y enviarnos la documentaci\u00f3n solicitada: una copia del documento de identidad del contratante o representante de la empresa que contrata el almac\u00e9n o trastero.<\/p>\n\n\n\n<p>Si no tienes email, nos puedes facilitar el de un familiar cercano. Si no nos puedes proporcionar un email no podr\u00e1s alquilar un trastero con nosotros.<\/p>\n\n\n\n<p class=\"has-text-align-right\"><a href=\"#top\"><\/a><a href=\"#top\">Volver<\/a> <\/p>\n<\/div>\n<\/div>\n\n\n\n<div class=\"wp-block-group alignfull is-layout-flow wp-block-group-is-layout-flow\" id=\"duracio\">\n<div class=\"wp-block-group is-layout-constrained wp-container-18 wp-block-group-is-layout-constrained\" style=\"padding-top:30px;padding-bottom:30px\">\n<hr class=\"wp-block-separator has-text-color has-contrast-color has-alpha-channel-opacity has-contrast-background-color has-background is-style-wide\"\/>\n\n\n\n<h2 class=\"wp-block-heading alignwide has-x-large-font-size\" style=\"margin-top:50px;font-style:normal;font-weight:600\"><strong>Duraci\u00f3n m\u00ednima del contrato<\/strong><\/h2>\n\n\n\n<p>La duraci\u00f3n ser\u00e1 seg\u00fan el plan que hayas contratado:<\/p>\n\n\n\n<ul>\n<li>Plan&nbsp;<strong>Mensual<\/strong>: 1 mes<br>Plan<strong>&nbsp;Anual<\/strong>: 1 a\u00f1o<\/li>\n<\/ul>\n\n\n\n<p>La duraci\u00f3n inicial m\u00ednimo es de 1 mes o un a\u00f1o, seg\u00fan hayas contratado. Lo puedes usar menos tiempo del contratado, pero se te cobrar\u00e1 el per\u00edodo contratado entero.<\/p>\n\n\n\n<p>El contrato se prorrogar\u00e1 t\u00e1citamente por iguales per\u00edodos que hayas contratado, contados a partir del d\u00eda 1 de cada mes, a menos que nos avises con 15 d\u00edas de preaviso que quieres cambiar la duraci\u00f3n de \u00e9ste o bien o deseas dejar trastero.<\/p>\n\n\n\n<p class=\"has-text-align-right\"><a href=\"#top\"><\/a><a href=\"#top\">Volver<\/a> <\/p>\n<\/div>\n<\/div>\n\n\n\n<div class=\"wp-block-group alignfull is-layout-flow wp-block-group-is-layout-flow\" id=\"cancelar\">\n<div class=\"wp-block-group is-layout-constrained wp-container-20 wp-block-group-is-layout-constrained\" style=\"padding-top:30px;padding-bottom:30px\">\n<hr class=\"wp-block-separator has-text-color has-contrast-color has-alpha-channel-opacity has-contrast-background-color has-background is-style-wide\"\/>\n\n\n\n<h2 class=\"wp-block-heading alignwide has-x-large-font-size\" style=\"margin-top:50px;font-style:normal;font-weight:600\"><strong>\u00bfC\u00f3mo finalizar el contrato y dejar el trastero?<\/strong><\/h2>\n\n\n\n<p>Si tienes tarifa Mensual deber\u00e1s comunicar 15 d\u00edas antes del final de mes en el siguiente&nbsp;<a href=\"https:\/\/trastis.com\/es\/area-clientes\/\">enlace<\/a><\/p>\n\n\n\n<p>Si tienes tarifa Prepago Anual deber\u00e1s comunicarlo 15 d\u00edas antes del final del per\u00edodo anual.<\/p>\n\n\n\n<p>En cualquier caso, lo deber\u00e1s comunicar por email a tu centro y te enviaremos el documento de rescisi\u00f3n que nos deber\u00e1s devolver firmado.<\/p>\n\n\n\n<p>Antes de finalizar el periodo deber\u00e1s&nbsp;<strong>retirar todos los bienes<\/strong>&nbsp;y&nbsp;<strong>dejarlo limpio<\/strong>&nbsp;y en \u00f3ptimas condiciones.<\/p>\n\n\n\n<p>En caso de que dejes bienes, se considerar\u00e1 que renuncias a tu derecho de propiedad sobre ellos y se considerar\u00e1n abandonados.<\/p>\n\n\n\n<p>Se te podr\u00e1n aplicar gastos para retirar los bienes y \/ o para limpiar el trastero.<\/p>\n\n\n\n<p class=\"has-text-align-right\"><a href=\"#top\"><\/a><a href=\"#top\">Volver<\/a> <\/p>\n<\/div>\n<\/div>\n\n\n\n<div class=\"wp-block-group alignfull is-layout-flow wp-block-group-is-layout-flow\" id=\"fian\u00e7a\">\n<div class=\"wp-block-group is-layout-constrained wp-container-22 wp-block-group-is-layout-constrained\" style=\"padding-top:30px;padding-bottom:30px\">\n<hr class=\"wp-block-separator has-text-color has-contrast-color has-alpha-channel-opacity has-contrast-background-color has-background is-style-wide\"\/>\n\n\n\n<h2 class=\"wp-block-heading alignwide has-x-large-font-size\" style=\"margin-top:50px;font-style:normal;font-weight:600\"><strong>\u00bfPara qu\u00e9 sirve la fianza?<\/strong><\/h2>\n\n\n\n<p>El dep\u00f3sito sirve en garant\u00eda de cumplimiento de las obligaciones asumidas por el cliente, especialmente las de car\u00e1cter pecuniario y las relativas a la buena conservaci\u00f3n y limpieza, as\u00ed como de los desperfectos y suciedad que cause a las zonas comunes.<\/p>\n\n\n\n<p class=\"has-text-align-right\"><a href=\"#top\"><\/a><a href=\"#top\">Volver<\/a> <\/p>\n<\/div>\n<\/div>\n\n\n\n<div class=\"wp-block-group alignfull is-layout-flow wp-block-group-is-layout-flow\" id=\"retorn_fian\u00e7a\">\n<div class=\"wp-block-group is-layout-constrained wp-container-24 wp-block-group-is-layout-constrained\" style=\"padding-top:30px;padding-bottom:30px\">\n<hr class=\"wp-block-separator has-text-color has-contrast-color has-alpha-channel-opacity has-contrast-background-color has-background is-style-wide\"\/>\n\n\n\n<h2 class=\"wp-block-heading alignwide has-x-large-font-size\" style=\"margin-top:50px;font-style:normal;font-weight:600\"><strong>\u00bfC\u00f3mo y cu\u00e1ndo se devuelve la fianza?<\/strong><\/h2>\n\n\n\n<p>El dep\u00f3sito ser\u00e1 restituido al cliente, previa verificaci\u00f3n del estado del trastero y siempre que est\u00e9 al corriente de pago, mediante transferencia bancaria en los 30 d\u00edas naturales siguientes a la firma del documento de resoluci\u00f3n del contrato.<\/p>\n\n\n\n<p>Es importante que lo dejes limpio y libre de bienes para que podamos devolver el dep\u00f3sito<\/p>\n\n\n\n<p>Al importe de la fianza se le restar\u00e1 los gastos de gesti\u00f3n administrativa.<\/p>\n\n\n\n<p class=\"has-text-align-right\"><a href=\"#top\"><\/a><a href=\"#top\">Volver<\/a> <\/p>\n<\/div>\n<\/div>\n\n\n\n<div class=\"wp-block-group alignfull is-layout-flow wp-block-group-is-layout-flow\" id=\"horari\">\n<div class=\"wp-block-group is-layout-constrained wp-container-26 wp-block-group-is-layout-constrained\" style=\"padding-top:30px;padding-bottom:30px\">\n<hr class=\"wp-block-separator has-text-color has-contrast-color has-alpha-channel-opacity has-contrast-background-color has-background is-style-wide\"\/>\n\n\n\n<h2 class=\"wp-block-heading alignwide has-x-large-font-size\" style=\"margin-top:50px;font-style:normal;font-weight:600\"><strong>\u00bfCu\u00e1l es el horario de acceso a los trasteros?<\/strong><\/h2>\n\n\n\n<p>24 horas al d\u00eda 365 d\u00edas al a\u00f1o.<\/p>\n\n\n\n<p class=\"has-text-align-right\"><a href=\"#top\"><\/a><a href=\"#top\">Volver<\/a> <\/p>\n<\/div>\n<\/div>\n\n\n\n<div class=\"wp-block-group alignfull is-layout-flow wp-block-group-is-layout-flow\" id=\"acces\">\n<div class=\"wp-block-group is-layout-constrained wp-container-28 wp-block-group-is-layout-constrained\" style=\"padding-top:30px;padding-bottom:30px\">\n<hr class=\"wp-block-separator has-text-color has-contrast-color has-alpha-channel-opacity has-contrast-background-color has-background is-style-wide\"\/>\n\n\n\n<h2 class=\"wp-block-heading alignwide has-x-large-font-size\" style=\"margin-top:50px;font-style:normal;font-weight:600\"><strong>\u00bfC\u00f3mo se accede al trasteros?<\/strong><\/h2>\n\n\n\n<p>Se accede por la puerta de veh\u00edculos (si los hay) o peatonal introduciendo su c\u00f3digo de acceso. En la puerta de cada trastero, cada cliente se pone su candado.<\/p>\n\n\n\n<p class=\"has-text-align-right\"><a href=\"#top\"><\/a><a href=\"#top\">Volver<\/a> <\/p>\n<\/div>\n<\/div>\n\n\n\n<div class=\"wp-block-group alignfull is-layout-flow wp-block-group-is-layout-flow\" id=\"portes\">\n<div class=\"wp-block-group is-layout-constrained wp-container-30 wp-block-group-is-layout-constrained\" style=\"padding-top:30px;padding-bottom:30px\">\n<hr class=\"wp-block-separator has-text-color has-contrast-color has-alpha-channel-opacity has-contrast-background-color has-background is-style-wide\"\/>\n\n\n\n<h2 class=\"wp-block-heading alignwide has-x-large-font-size\" style=\"margin-top:50px;font-style:normal;font-weight:600\"><strong>\u00bfQu\u00e9 dimensiones tienen las puertas de los trasteros?<\/strong><\/h2>\n\n\n\n<p>Las puertas de acceso a los trasteros tienen una anchura de&nbsp;<strong>0,8m<\/strong>&nbsp;hasta&nbsp;<strong>1,2m<\/strong>.<\/p>\n\n\n\n<p class=\"has-text-align-right\"><a href=\"#top\"><\/a><a href=\"#top\">Volver<\/a> <\/p>\n<\/div>\n<\/div>\n\n\n\n<div class=\"wp-block-group alignfull is-layout-flow wp-block-group-is-layout-flow\" id=\"seguro\">\n<div class=\"wp-block-group is-layout-constrained wp-container-32 wp-block-group-is-layout-constrained\" style=\"padding-top:30px;padding-bottom:30px\">\n<hr class=\"wp-block-separator has-text-color has-contrast-color has-alpha-channel-opacity has-contrast-background-color has-background is-style-wide\"\/>\n\n\n\n<h2 class=\"wp-block-heading alignwide has-x-large-font-size\" style=\"margin-top:50px;font-style:normal;font-weight:600\"><strong>\u00bfLos trasteros tienen seguro?<\/strong><\/h2>\n\n\n\n<p>El centro dispone de un seguro de responsabilidad civil y del contenido de los trasteros. En el precio del alquiler est\u00e1 incluido un seguro por los bienes depositados en el trastero de 1.000 \u20ac por trastero. Si el valor de los bienes depositados supera este valor, deber\u00e1s pagar un suplemento.<\/p>\n\n\n\n<figure class=\"wp-block-table is-style-stripes\"><table><thead><tr><th class=\"has-text-align-left\" data-align=\"left\"><strong><strong>Valor Asegurado hasta<\/strong><\/strong><\/th><th class=\"has-text-align-left\" data-align=\"left\"><strong>Suplement<\/strong>o<\/th><\/tr><\/thead><tbody><tr><td class=\"has-text-align-left\" data-align=\"left\">2.000 \u20ac<\/td><td class=\"has-text-align-left\" data-align=\"left\">1 \u20ac<\/td><\/tr><tr><td class=\"has-text-align-left\" data-align=\"left\">3.000 \u20ac<\/td><td class=\"has-text-align-left\" data-align=\"left\">2 \u20ac<\/td><\/tr><tr><td class=\"has-text-align-left\" data-align=\"left\">4.000 \u20ac<\/td><td class=\"has-text-align-left\" data-align=\"left\">3 \u20ac<\/td><\/tr><tr><td class=\"has-text-align-left\" data-align=\"left\">5.000 \u20ac<\/td><td class=\"has-text-align-left\" data-align=\"left\">4 \u20ac<\/td><\/tr><tr><td class=\"has-text-align-left\" data-align=\"left\">6.000 \u20ac<\/td><td class=\"has-text-align-left\" data-align=\"left\">5 \u20ac<\/td><\/tr><tr><td class=\"has-text-align-left\" data-align=\"left\">7.000 \u20ac<\/td><td class=\"has-text-align-left\" data-align=\"left\">6 \u20ac<\/td><\/tr><tr><td class=\"has-text-align-left\" data-align=\"left\">8.000 \u20ac<\/td><td class=\"has-text-align-left\" data-align=\"left\">7 \u20ac<\/td><\/tr><tr><td class=\"has-text-align-left\" data-align=\"left\">9.000 \u20ac<\/td><td class=\"has-text-align-left\" data-align=\"left\">8 \u20ac<\/td><\/tr><tr><td class=\"has-text-align-left\" data-align=\"left\">10.000 \u20ac<\/td><td class=\"has-text-align-left\" data-align=\"left\">9 \u20ac<\/td><\/tr><\/tbody><\/table><\/figure>\n\n\n\n<p><a href=\"http:\/\/trastis-2022.localhost\/contacte\/\" data-type=\"page\" data-id=\"14\" rel=\"nofollow noopener\" target=\"_blank\">Contacte con nosotros<\/a>&nbsp;si desea ampliar el valor asegurado<\/p>\n\n\n\n<p class=\"has-text-align-right\"><a href=\"#top\"><\/a><a href=\"#top\">Volver<\/a> <\/p>\n<\/div>\n<\/div>\n\n\n\n<div class=\"wp-block-group alignfull is-layout-flow wp-block-group-is-layout-flow\" id=\"estanteries\">\n<div class=\"wp-block-group is-layout-constrained wp-container-34 wp-block-group-is-layout-constrained\" style=\"padding-top:30px;padding-bottom:30px\">\n<hr class=\"wp-block-separator has-text-color has-contrast-color has-alpha-channel-opacity has-contrast-background-color has-background is-style-wide\"\/>\n\n\n\n<h2 class=\"wp-block-heading alignwide has-x-large-font-size\" style=\"margin-top:50px;font-style:normal;font-weight:600\"><strong>\u00bfSe pueden poner estanter\u00edas, colgar cosas o hacer agujeros?<\/strong><\/h2>\n\n\n\n<p><strong>No puedes colgar cosas ni hacer agujeros<\/strong> en la pared, techo o suelo.<\/p>\n\n\n\n<p>Puedes poner estanter\u00edas, pero deben ser del tipo que se aguantan de pie solas, pues no puedes hacer agujeros en las paredes.<\/p>\n\n\n\n<p>Disponemos de estanter\u00edas en alquiler.<\/p>\n\n\n\n<p class=\"has-text-align-right\"><a href=\"#top\"><\/a><a href=\"#top\">Volver<\/a> <\/p>\n<\/div>\n<\/div>\n\n\n\n<div class=\"wp-block-group alignfull is-layout-flow wp-block-group-is-layout-flow\" id=\"electric\">\n<div class=\"wp-block-group is-layout-constrained wp-container-36 wp-block-group-is-layout-constrained\" style=\"padding-top:30px;padding-bottom:30px\">\n<hr class=\"wp-block-separator has-text-color has-contrast-color has-alpha-channel-opacity has-contrast-background-color has-background is-style-wide\"\/>\n\n\n\n<h2 class=\"wp-block-heading alignwide has-x-large-font-size\" style=\"margin-top:50px;font-style:normal;font-weight:600\"><strong>\u00bfSe puede tener suministro el\u00e9ctrico?<\/strong><\/h2>\n\n\n\n<p>Los trasteros no disponen de suministro el\u00e9ctrico pero si lo deseas puedes contratar uno aparte. Ponte en contacto con nuestro centro para contratarlo.<\/p>\n\n\n\n<p class=\"has-text-align-right\"><a href=\"#top\"><\/a><a href=\"#top\">Volver<\/a> <\/p>\n<\/div>\n<\/div>\n\n\n\n<div class=\"wp-block-group alignfull is-layout-flow wp-block-group-is-layout-flow\" id=\"tanca\">\n<div class=\"wp-block-group is-layout-constrained wp-container-38 wp-block-group-is-layout-constrained\" style=\"padding-top:30px;padding-bottom:30px\">\n<hr class=\"wp-block-separator has-text-color has-contrast-color has-alpha-channel-opacity has-contrast-background-color has-background is-style-wide\"\/>\n\n\n\n<h2 class=\"wp-block-heading alignwide has-x-large-font-size\" style=\"margin-top:50px;font-style:normal;font-weight:600\"><strong><strong><strong><strong><strong><strong><strong><strong><strong><strong><strong><strong><strong><strong><strong><strong>\u00bfC\u00f3mo se cierra mi trastero?<\/strong><\/strong><\/strong><\/strong><\/strong><\/strong><\/strong><\/strong><\/strong><\/strong><\/strong><\/strong><\/strong><\/strong><\/strong><\/strong><\/h2>\n\n\n\n<p>El acceso a tu trastero es privado y lo podr\u00e1s cerrar con un candado, que lo podr\u00e1s traer o comprarlo en nuestras instalaciones.<\/p>\n\n\n\n<p class=\"has-text-align-right\"><a href=\"#top\"><\/a><a href=\"#top\">Volver<\/a> <\/p>\n<\/div>\n<\/div>\n\n\n\n<div class=\"wp-block-group alignfull is-layout-flow wp-block-group-is-layout-flow\" id=\"que\">\n<div class=\"wp-block-group is-layout-constrained wp-container-40 wp-block-group-is-layout-constrained\" style=\"padding-top:30px;padding-bottom:30px\">\n<hr class=\"wp-block-separator has-text-color has-contrast-color has-alpha-channel-opacity has-contrast-background-color has-background is-style-wide\"\/>\n\n\n\n<h2 class=\"wp-block-heading alignwide has-x-large-font-size\" style=\"margin-top:50px;font-style:normal;font-weight:600\"><strong><strong><strong><strong><strong><strong><strong><strong><strong><strong><strong><strong><strong><strong><strong><strong><strong>\u00bfQu\u00e9 se puede guardar?<\/strong><\/strong><\/strong><\/strong><\/strong><\/strong><\/strong><\/strong><\/strong><\/strong><\/strong><\/strong><\/strong><\/strong><\/strong><\/strong><\/strong><\/h2>\n\n\n\n<p>Queda prohibido el almacenamiento de todos aquellos bienes que en general, puedan poner en peligro la salud o la seguridad de personas o cosas, entre los que se encuentran:<\/p>\n\n\n\n<ul>\n<li>Bienes de comercio prohibidos por las leyes y reglamentos (g\u00e9neros estancados, bienes robados o provenientes de cualquier acto il\u00edcito contra la propiedad privada)<\/li>\n\n\n\n<li>Armas de fuego<\/li>\n\n\n\n<li>Productos qu\u00edmicos, gases, explosivos, t\u00f3xicos, inflamables o olorosos como como el gas, pintura, gasolina, aceites o disolventes de limpieza.<\/li>\n\n\n\n<li>Animales o plantas, sean vivos o muertos<\/li>\n\n\n\n<li>En general cualquier producto perecedero o semiperecedero con fecha de caducidad inferior a 6 meses.<\/li>\n\n\n\n<li>Bienes de alto valor, como joyas, dinero, piedras preciosas, t\u00edtulos-valores, acciones u obligaciones, colecciones filat\u00e9licas, objetos de arte cotizados en el mercado art\u00edstico, objetos de valor incalculable u otros de an\u00e1loga consideraci\u00f3n, entre otros.<\/li>\n<\/ul>\n\n\n\n<p class=\"has-text-align-right\"><a href=\"#top\"><\/a><a href=\"#top\">Volver<\/a> <\/p>\n<\/div>\n<\/div>\n\n\n\n<div class=\"wp-block-group alignfull is-layout-flow wp-block-group-is-layout-flow\" id=\"fer\">\n<div class=\"wp-block-group is-layout-constrained wp-container-42 wp-block-group-is-layout-constrained\" style=\"padding-top:30px;padding-bottom:30px\">\n<hr class=\"wp-block-separator has-text-color has-contrast-color has-alpha-channel-opacity has-contrast-background-color has-background is-style-wide\"\/>\n\n\n\n<h2 class=\"wp-block-heading alignwide has-x-large-font-size\" style=\"margin-top:50px;font-style:normal;font-weight:600\"><strong><strong><strong><strong><strong><strong><strong><strong><strong><strong><strong><strong><strong><strong><strong><strong><strong><strong>\u00bfQu\u00e9 se puede hacer?<\/strong><\/strong><\/strong><\/strong><\/strong><\/strong><\/strong><\/strong><\/strong><\/strong><\/strong><\/strong><\/strong><\/strong><\/strong><\/strong><\/strong><\/strong><\/h2>\n\n\n\n<p>Puedes pasar todo el tiempo que quieras en tu trastero o almac\u00e9n, cargando, descargando, manipulando, preparando o organizando tus bienes.<\/p>\n\n\n\n<p>Ahora bien, queda prohibida la utilizaci\u00f3n del trastero, sea de forma permanente, ocasional o puntual, entre otros:<\/p>\n\n\n\n<ul>\n<li>Como vivienda o residencia<\/li>\n\n\n\n<li>Como domicilio social o fiscal<\/li>\n\n\n\n<li>Como domicilio a efectos de notificaciones. Se rechazar\u00e1 la recepci\u00f3n de cualquier comunicaci\u00f3n o correspondencia dirigida a cliente.<\/li>\n\n\n\n<li>Como espacio para dormir<\/li>\n\n\n\n<li>Como espacio para trabajar<\/li>\n\n\n\n<li>Como espacio para hacer ruido<\/li>\n\n\n\n<li>Como espacio para generar polvo.<\/li>\n<\/ul>\n\n\n\n<p class=\"has-text-align-right\"><a href=\"#top\"><\/a><a href=\"#top\">Volver<\/a> <\/p>\n<\/div>\n<\/div>\n\n\n\n<div class=\"wp-block-group alignfull is-layout-flow wp-block-group-is-layout-flow\" id=\"emergencia\">\n<div class=\"wp-block-group is-layout-constrained wp-container-44 wp-block-group-is-layout-constrained\" style=\"padding-top:30px;padding-bottom:30px\">\n<hr class=\"wp-block-separator has-text-color has-contrast-color has-alpha-channel-opacity has-contrast-background-color has-background is-style-wide\"\/>\n\n\n\n<h2 class=\"wp-block-heading alignwide has-x-large-font-size\" style=\"margin-top:50px;font-style:normal;font-weight:600\"><strong><strong><strong><strong><strong><strong><strong><strong><strong><strong><strong><strong><strong><strong><strong><strong><strong>\u00bfQu\u00e9 hacer en caso de emergencia o problemas t\u00e9cnicos?<\/strong><\/strong><\/strong><\/strong><\/strong><\/strong><\/strong><\/strong><\/strong><\/strong><\/strong><\/strong><\/strong><\/strong><\/strong><\/strong><\/strong><\/h2>\n\n\n\n<ul>\n<li>Respira profundamente para tranquilizarte un poco.<\/li>\n\n\n\n<li><strong>Llama al&nbsp;112.<\/strong><\/li>\n\n\n\n<li>Dile al operador que se trata de una emergencia.<\/li>\n\n\n\n<li>Dale tu nombre e inf\u00f3rmale desde d\u00f3nde est\u00e1s llamando (la direcci\u00f3n exacta).<\/li>\n\n\n\n<li>Expl\u00edcale lo que ha ocurrido y cu\u00e1ntas personas est\u00e1n heridas. (El operador necesitar\u00e1 toda la informaci\u00f3n que le puedas facilitar, o sea que dale tantos detalles como puedas.)<\/li>\n\n\n\n<li>Sigue atentamente todas las instrucciones que te d\u00e9 el operador.<\/li>\n\n\n\n<li><strong>No cuelgues y sigue conectado<\/strong>&nbsp;hasta que el operador te diga que ya puedes colgar.<\/li>\n<\/ul>\n\n\n\n<p class=\"has-text-align-right\"><a href=\"#top\">Volver<\/a> <\/p>\n<\/div>\n<\/div>\n\n\n\n<div class=\"wp-block-group alignfull is-layout-flow wp-block-group-is-layout-flow\" id=\"retorn_fian\">\n<div class=\"wp-block-group is-layout-constrained wp-container-46 wp-block-group-is-layout-constrained\" style=\"padding-top:30px;padding-bottom:30px\">\n<hr class=\"wp-block-separator has-text-color has-contrast-color has-alpha-channel-opacity has-contrast-background-color has-background is-style-wide\"\/>\n\n\n\n<h2 class=\"wp-block-heading alignwide has-x-large-font-size\" style=\"margin-top:50px;font-style:normal;font-weight:600\"><strong>\u00bfCu\u00e1ndo me devuelven la fianza?<\/strong><\/h2>\n\n\n\n<p>Verificaremos el estado de tu trastero en los d\u00edas siguientes a su liberaci\u00f3n y la rescisi\u00f3n de tu contrato. Una vez hayamos comprobado que el trastero se encuentra en perfecto estado, te volveremos tu fianza. La fianza se te devolver\u00e1 en un plazo m\u00e1ximo de 20 d\u00edas.<\/p>\n\n\n\n<p class=\"has-text-align-right\"><a href=\"#top\"><\/a><a href=\"#top\">Volver<\/a> <\/p>\n<\/div>\n<\/div>\n","protected":false},"excerpt":{"rendered":"<p>Preguntas frecuentes sobre el alquiler de trasteros FAQ Sobre qu\u00e9 trastero escoger Sobre la reserva Sobre el contrato Sobre el trastero \u00bfQu\u00e9 medidas tienen los trasteros? Nuestros trasteros tienen dos alturas diferentes. Minibox:&nbsp;Son nuestros trasteros m\u00e1s peque\u00f1os y econ\u00f3micos. Suelen estar a los niveles superiores. Tienen&nbsp;1 metro de altura&nbsp;con tama\u00f1os que van de&nbsp;1 m\u00b3 hasta [&hellip;]<\/p>\n","protected":false},"author":3,"featured_media":936,"parent":0,"menu_order":6,"comment_status":"closed","ping_status":"closed","template":"","meta":{"footnotes":"","_joinchat":[]},"acf":[],"jetpack_sharing_enabled":true,"_links":{"self":[{"href":"https:\/\/trastis.com\/es\/wp-json\/wp\/v2\/pages\/2805"}],"collection":[{"href":"https:\/\/trastis.com\/es\/wp-json\/wp\/v2\/pages"}],"about":[{"href":"https:\/\/trastis.com\/es\/wp-json\/wp\/v2\/types\/page"}],"author":[{"embeddable":true,"href":"https:\/\/trastis.com\/es\/wp-json\/wp\/v2\/users\/3"}],"replies":[{"embeddable":true,"href":"https:\/\/trastis.com\/es\/wp-json\/wp\/v2\/comments?post=2805"}],"version-history":[{"count":5,"href":"https:\/\/trastis.com\/es\/wp-json\/wp\/v2\/pages\/2805\/revisions"}],"predecessor-version":[{"id":4346,"href":"https:\/\/trastis.com\/es\/wp-json\/wp\/v2\/pages\/2805\/revisions\/4346"}],"wp:featuredmedia":[{"embeddable":true,"href":"https:\/\/trastis.com\/es\/wp-json\/wp\/v2\/media\/936"}],"wp:attachment":[{"href":"https:\/\/trastis.com\/es\/wp-json\/wp\/v2\/media?parent=2805"}],"curies":[{"name":"wp","href":"https:\/\/api.w.org\/{rel}","templated":true}]}}