{"id":3419,"date":"2022-10-27T12:34:18","date_gmt":"2022-10-27T10:34:18","guid":{"rendered":"https:\/\/trastis.com\/?page_id=3419"},"modified":"2026-04-01T13:15:48","modified_gmt":"2026-04-01T11:15:48","slug":"alquiler-de-trasteros-en-sant-joan-despi","status":"publish","type":"page","link":"https:\/\/trastis.com\/es\/alquiler-de-trasteros-en-sant-joan-despi\/","title":{"rendered":"Alquiler de trasteros en Sant Joan Desp\u00ed"},"content":{"rendered":"\n<div class=\"wp-block-group alignfull has-base-color has-primary-background-color has-text-color has-background is-layout-flow wp-block-group-is-layout-flow\">\n<div class=\"wp-block-group is-layout-constrained wp-container-1 wp-block-group-is-layout-constrained\" style=\"padding-top:20px;padding-bottom:20px\">\n<h1 class=\"wp-block-heading alignwide has-max-36-font-size\" style=\"font-style:normal;font-weight:600\">Alquiler de trasteros en Sant Joan Desp\u00ed<\/h1>\n<\/div>\n<\/div>\n\n\n\n<div class=\"wp-block-group alignfull is-layout-constrained wp-container-3 wp-block-group-is-layout-constrained\" style=\"padding-top:30px;padding-bottom:30px\">\n<h2 class=\"wp-block-heading has-text-align-center has-max-36-font-size\" style=\"font-style:normal;font-weight:600\"><mark style=\"background-color:rgba(0, 0, 0, 0)\" class=\"has-inline-color has-primary-color\">Nuestros centros<\/mark><\/h2>\n\n\n\n<div style=\"height:30px\" aria-hidden=\"true\" class=\"wp-block-spacer\"><\/div>\n\n\n\n<div class=\"gb-grid-wrapper gb-grid-wrapper-d20ec313 gb-query-loop-wrapper\">\n<div class=\"gb-grid-column gb-grid-column-c57fac9c gb-query-loop-item post-3631 page type-page status-publish has-post-thumbnail hentry\"><div class=\"gb-container gb-container-c57fac9c\"><div class=\"gb-inside-container\">\n<figure class=\"gb-block-image gb-block-image-1a847a18\"><img loading=\"lazy\" width=\"600\" height=\"400\" src=\"https:\/\/i0.wp.com\/trastis.com\/wp-content\/uploads\/2025\/01\/Sant-Joan-Despi-Centre-can-negre.webp?fit=600%2C400&amp;quality=80&amp;ssl=1\" class=\"gb-image-1a847a18\" alt=\"Lloguer de trasters a Sant Joan Desp\u00ed Centre\" decoding=\"async\" title=\"\"><\/figure>\n\n<h3 class=\"gb-headline gb-headline-509e9c3e gb-headline-text\">Trasteros en Sant Joan Desp\u00ed<\/h3>\n\n\n\n<div class=\"gb-button-wrapper gb-button-wrapper-b8dd5c1a\">\n\n<a class=\"gb-button gb-button-6c4d3a2e\" href=\"#proba\"><span class=\"gb-icon\"><svg viewBox=\"0 0 24 24\">     <path d=\"M15,4A8,8 0 0,1 23,12A8,8 0 0,1 15,20A8,8 0 0,1 7,12A8,8 0 0,1 15,4M15,6A6,6 0 0,0 9,12A6,6 0 0,0 15,18A6,6 0 0,0 21,12A6,6 0 0,0 15,6M14,8H15.5V11.78L17.83,14.11L16.77,15.17L14,12.4V8M2,18A1,1 0 0,1 1,17A1,1 0 0,1 2,16H5.83C6.14,16.71 6.54,17.38 7,18H2M3,13A1,1 0 0,1 2,12A1,1 0 0,1 3,11H5.05L5,12L5.05,13H3M4,8A1,1 0 0,1 3,7A1,1 0 0,1 4,6H7C6.54,6.62 6.14,7.29 5.83,8H4Z\" fill=\"currentColor\"><\/path> <\/svg><\/span><span class=\"gb-button-text\">Visitar ahora<\/span><\/a>\n\n\n<a class=\"gb-button gb-button-d2bbc868 gb-button-text\" href=\"https:\/\/trastis.com\/es\/alquiler-de-trasteros-en-sant-joan-despi\/alquiler-de-trasteros-en-sant-joan-despi-centro\/\">VER detalles<\/a>\n<\/div>\n<\/div><\/div><\/div>\n<\/div>\n<\/div>\n\n\n\n<div class=\"wp-block-group alignfull is-layout-flow wp-block-group-is-layout-flow\">\n<div class=\"wp-block-group is-layout-constrained wp-container-4 wp-block-group-is-layout-constrained\" style=\"padding-top:20px;padding-bottom:20px\">\n<h2 class=\"wp-block-heading has-text-align-center has-x-large-font-size\" style=\"font-style:normal;font-weight:600\">Un centro a Sant Joan Desp\u00ed al al lado de tu casa<\/h2>\n\n\n\n<p>Disponemos de un centro de alquiler de trasteros en Sant Joan Desp\u00ed. Todos nuestros centros tienen ubicaciones urbanas c\u00e9ntricas para que tengas tus cosas siempre a mano y no tengas que desplazarte en veh\u00edculo a las afueras de la ciudad.<\/p>\n\n\n\n<p>Si quieres&nbsp;<strong><a href=\"https:\/\/trastis.com\/es\/alquiler-de-trasteros-en-sant-joan-despi\/alquiler-de-trasteros-en-sant-joan-despi-centro\/\" data-type=\"page\" data-id=\"3422\">alquilar trasteros en el centro de de Sant Joan Desp\u00ed<\/a><\/strong>&nbsp;disponemos del Centre&nbsp;<strong>Sant Joan Desp\u00ed \u2013 Centro&nbsp;<\/strong><\/p>\n<\/div>\n<\/div>\n\n\n\n<div class=\"wp-block-group is-layout-flow wp-block-group-is-layout-flow\">\n        <style>\n            #mapa {\n                width: 100%;\n                height: 400px;\n                height: 350px;\n                margin-bottom: 30px;\n                background-color: #eee;\n            }\n            @media (min-width: 600px) {\n                #mapa {\n                    height: 400px;\n                }\n            }\n\n            @media (min-width: 900px) {\n                #mapa {\n                    height: 500px;\n                }\n            }\n\n\n        <\/style>\n        \n        <div class=\"\" id=\"mapa\">\n\n        <\/div>\n      \n\n\n        <script src=\"https:\/\/maps.googleapis.com\/maps\/api\/js?libraries=places&amp;key=AIzaSyAmHsF_m3gHq83wL4fU4bWktJmCJE9xfBo\"><\/script>\n\n        <script type=\"text\/javascript\">\n\n            function initMap() {\n                var map;\n                var bounds = new google.maps.LatLngBounds();\n\n                if (\"ontouchstart\" in window){\n                    var isDraggable = !(\"ontouchend\" in document);\n                }\n                else {\n                    var isDraggable = !(\"ontouchstart\" in document.documentElement);\n                }\n                \n                var mapOptions = {\n                    mapTypeId: \"roadmap\",\n                    styles: [\n                        {\n                            \"elementType\": \"labels.icon\",\n                            \"stylers\": [{ \"visibility\": \"off\" }]\n                        },\n                \n                    ],\n\n                    draggable: true,\n                    scrollwheel: false,\n                };\n\n                \/\/ Display a map on the web page\n                map = new google.maps.Map(document.getElementById(\"mapa\"), mapOptions);\n                map.setTilt(50);\n\n                \/\/ Multiple markers location, latitude, and longitude\n                var markers = [\n\n  \n\n        ['Trasteros en Sant Joan Desp\u00ed', 41.3656085576279,2.059434998340052, 'https:\/\/i0.wp.com\/trastis.com\/wp-content\/uploads\/2022\/10\/map-pointer.png?fit=256%2C256&quality=80&ssl=1'],\n            \n\n        \n    ];\n\n                \/\/ Info Window Content\n                var infoWindowContent = [\n\n  \n\n        ['<div class=\"info_content\" role=\"tab\">' +\n                '<h3 class=\"m-0\">Trasteros en Sant Joan Desp\u00ed<\/h3>' + '<p><\/p>' + '<p><a  class=\"font-weight-bold\" href=\"https:\/\/trastis.com\/es\/alquiler-de-trasteros-en-sant-joan-despi\/alquiler-de-trasteros-en-sant-joan-despi-centro\/\">Veure<\/a><\/p>' +\n                 '<\/div>'],\n            \n\n        \n\n\n            ];\n\n            \/\/ Add multiple markers to map\n                    var infoWindow = new google.maps.InfoWindow(), marker, i;\n\n                    \/\/ Place each marker on the map  \n                    for (i = 0; i < markers.length; i++) {\n                        var position = new google.maps.LatLng(markers[i][1], markers[i][2]);\n                        bounds.extend(position);\n                        marker = new google.maps.Marker({\n                            position: position,\n                            map: map,\n                            title: markers[i][0],\n                            optimized: false,\n                            icon: {\n                                url:  'https:\/\/i0.wp.com\/trastis.com\/wp-content\/uploads\/2022\/10\/map-pointer.png?fit=256%2C256&#038;quality=80&#038;ssl=1',\n                        scaledSize: new google.maps.Size(32, 32),\n                        origin: new google.maps.Point(0, 0),\n                    },\n                });\n\n                \/\/ Add info window to marker    \n                        google.maps.event.addListener(marker, \"click\", (function (marker, i) {\n                            return function () {\n                                infoWindow.setContent(infoWindowContent[i][0]);\n                                infoWindow.open(map, marker);\n                            }\n                        })(marker, i));\n\n                        \/\/ Center the map to fit all markers on the screen\n                        map.fitBounds(bounds);\n                    }\n\n                    \/\/ Set zoom level\n                    var boundsListener = google.maps.event.addListener((map), \"bounds_changed\", function (event) {\n                        this.setZoom(15);\n                        google.maps.event.removeListener(boundsListener);\n                    });\n\n                }\n                \/\/ Load initialize function\n                google.maps.event.addDomListener(window, \"load\", initMap);\n\n\n\n    <\/script>\n\n \n    <\/div>\n\n\n\n<div class=\"wp-block-group alignfull is-layout-flow wp-block-group-is-layout-flow\">\n<div class=\"wp-block-group is-layout-constrained wp-container-20 wp-block-group-is-layout-constrained\" style=\"padding-top:30px;padding-bottom:30px\">\n<h2 class=\"wp-block-heading has-text-align-center has-x-large-font-size\" style=\"margin-bottom:50px;font-style:normal;font-weight:700\"><mark style=\"background-color:rgba(0, 0, 0, 0)\" class=\"has-inline-color has-primary-color\">Caracter\u00edsticas de nuestros centros en Sant Joan Desp\u00ed<\/mark><\/h2>\n\n\n\n<div class=\"wp-block-columns icones is-layout-flex wp-container-19 wp-block-columns-is-layout-flex\">\n<div class=\"wp-block-column is-layout-flow wp-block-column-is-layout-flow\">\n<div class=\"wp-block-group caja-icono is-vertical is-content-justification-center is-layout-flex wp-container-7 wp-block-group-is-layout-flex\" style=\"font-style:normal;font-weight:700\">\n<div class=\"wp-block-outermost-icon-block items-justified-center\"><div class=\"icon-container has-icon-color has-primary-color flip-horizontal\" style=\"color:#6e73b1;width:60px\"><svg viewBox=\"0 0 24 24\" aria-label=\"time\"><path fill=\"currentColor\" d=\"M21,10.12H14.22L16.96,7.3C14.23,4.6 9.81,4.5 7.08,7.2C4.35,9.91 4.35,14.28 7.08,17C9.81,19.7 14.23,19.7 16.96,17C18.32,15.65 19,14.08 19,12.1H21C21,14.08 20.12,16.65 18.36,18.39C14.85,21.87 9.15,21.87 5.64,18.39C2.14,14.92 2.11,9.28 5.62,5.81C9.13,2.34 14.76,2.34 18.27,5.81L21,3V10.12M12.5,8V12.25L16,14.33L15.28,15.54L11,13V8H12.5Z\"><\/path><\/svg><\/div><\/div>\n\n\n\n<p class=\"has-text-align-center\" style=\"font-style:normal;font-weight:500;line-height:1.2\">Acceso<br>24 horas<\/p>\n<\/div>\n<\/div>\n\n\n\n<div class=\"wp-block-column is-layout-flow wp-block-column-is-layout-flow\">\n<div class=\"wp-block-group caja-icono is-vertical is-content-justification-center is-layout-flex wp-container-9 wp-block-group-is-layout-flex\" style=\"font-style:normal;font-weight:700\">\n<div class=\"wp-block-outermost-icon-block items-justified-center\"><div class=\"icon-container has-icon-color has-primary-color flip-horizontal\" style=\"color:#6e73b1;width:60px\"><svg viewBox=\"0 0 24 24\" aria-label=\"map\"><path fill=\"currentColor\" d=\"M12,2C15.31,2 18,4.66 18,7.95C18,12.41 12,19 12,19C12,19 6,12.41 6,7.95C6,4.66 8.69,2 12,2M12,6A2,2 0 0,0 10,8A2,2 0 0,0 12,10A2,2 0 0,0 14,8A2,2 0 0,0 12,6M20,19C20,21.21 16.42,23 12,23C7.58,23 4,21.21 4,19C4,17.71 5.22,16.56 7.11,15.83L7.75,16.74C6.67,17.19 6,17.81 6,18.5C6,19.88 8.69,21 12,21C15.31,21 18,19.88 18,18.5C18,17.81 17.33,17.19 16.25,16.74L16.89,15.83C18.78,16.56 20,17.71 20,19Z\"><\/path><\/svg><\/div><\/div>\n\n\n\n<p class=\"has-text-align-center\" style=\"font-style:normal;font-weight:500;line-height:1.2\">Ubicaci\u00f3n<br>c\u00e9ntrica<\/p>\n<\/div>\n<\/div>\n\n\n\n<div class=\"wp-block-column is-layout-flow wp-block-column-is-layout-flow\">\n<div class=\"wp-block-group is-vertical is-content-justification-center is-layout-flex wp-container-11 wp-block-group-is-layout-flex\" style=\"font-style:normal;font-weight:700\">\n<div class=\"wp-block-outermost-icon-block items-justified-center\"><div class=\"icon-container has-icon-color has-primary-color flip-horizontal\" style=\"color:#6e73b1;width:60px\"><svg viewBox=\"0 0 24 24\" aria-label=\"cameras\"><path fill=\"currentColor\" d=\"M6.03 12.03L8.03 15.5L5.5 18.68L2 12.62L6.03 12.03M17 18V15.29C17.88 14.9 18.5 14.03 18.5 13C18.5 12.43 18.3 11.9 17.97 11.5L19.94 10.35C20.95 9.76 21.3 8.47 20.71 7.46L19.33 5.06C18.74 4.05 17.45 3.7 16.44 4.28L8.31 9C7.36 9.53 7.03 10.75 7.58 11.71L9.08 14.31C9.63 15.26 10.86 15.59 11.81 15.04L13.69 13.96C13.94 14.55 14.41 15.03 15 15.29V18C15 19.1 15.9 20 17 20H22V18H17Z\"><\/path><\/svg><\/div><\/div>\n\n\n\n<p class=\"has-text-align-center\" style=\"font-style:normal;font-weight:500;line-height:1.2\">C\u00e1maras de\u00a0Seguridad<\/p>\n<\/div>\n<\/div>\n\n\n\n<div class=\"wp-block-column is-layout-flow wp-block-column-is-layout-flow\">\n<div class=\"wp-block-group is-vertical is-content-justification-center is-layout-flex wp-container-13 wp-block-group-is-layout-flex\" style=\"font-style:normal;font-weight:700\">\n<div class=\"wp-block-outermost-icon-block items-justified-center\"><div class=\"icon-container has-icon-color has-primary-color flip-horizontal\" style=\"color:#6e73b1;width:60px\"><svg viewBox=\"0 0 24 24\" aria-label=\"space\"><path fill=\"currentColor\" d=\"M9,11H15V8L19,12L15,16V13H9V16L5,12L9,8V11M2,20V4H4V20H2M20,20V4H22V20H20Z\"><\/path><\/svg><\/div><\/div>\n\n\n\n<p class=\"has-text-align-center\" style=\"font-style:normal;font-weight:500;line-height:1.2\">De 1 m2<br>a 8 m2<\/p>\n<\/div>\n<\/div>\n\n\n\n<div class=\"wp-block-column is-layout-flow wp-block-column-is-layout-flow\">\n<div class=\"wp-block-group is-vertical is-content-justification-center is-layout-flex wp-container-15 wp-block-group-is-layout-flex\" style=\"font-style:normal;font-weight:700\">\n<div class=\"wp-block-outermost-icon-block items-justified-center\"><div class=\"icon-container has-icon-color has-primary-color flip-horizontal\" style=\"color:#6e73b1;width:60px\"><svg viewBox=\"0 0 24 24\" aria-label=\"date\"><path fill=\"currentColor\" d=\"M15,13H16.5V15.82L18.94,17.23L18.19,18.53L15,16.69V13M19,8H5V19H9.67C9.24,18.09 9,17.07 9,16A7,7 0 0,1 16,9C17.07,9 18.09,9.24 19,9.67V8M5,21C3.89,21 3,20.1 3,19V5C3,3.89 3.89,3 5,3H6V1H8V3H16V1H18V3H19A2,2 0 0,1 21,5V11.1C22.24,12.36 23,14.09 23,16A7,7 0 0,1 16,23C14.09,23 12.36,22.24 11.1,21H5M16,11.15A4.85,4.85 0 0,0 11.15,16C11.15,18.68 13.32,20.85 16,20.85A4.85,4.85 0 0,0 20.85,16C20.85,13.32 18.68,11.15 16,11.15Z\"><\/path><\/svg><\/div><\/div>\n\n\n\n<p class=\"has-text-align-center\" style=\"font-style:normal;font-weight:500;line-height:1.2\">El tiempo que necesites<\/p>\n<\/div>\n<\/div>\n\n\n\n<div class=\"wp-block-column is-layout-flow wp-block-column-is-layout-flow\">\n<div class=\"wp-block-group is-vertical is-content-justification-center is-layout-flex wp-container-17 wp-block-group-is-layout-flex\" style=\"font-style:normal;font-weight:700\">\n<div class=\"wp-block-outermost-icon-block items-justified-center\"><div class=\"icon-container has-icon-color has-primary-color flip-horizontal\" style=\"color:#6e73b1;width:60px\"><svg viewBox=\"0 0 24 24\" aria-label=\"file-edit-outline\"><path fill=\"currentColor\" d=\"M10 20H6V4H13V9H18V12.1L20 10.1V8L14 2H6C4.9 2 4 2.9 4 4V20C4 21.1 4.9 22 6 22H10V20M20.2 13C20.3 13 20.5 13.1 20.6 13.2L21.9 14.5C22.1 14.7 22.1 15.1 21.9 15.3L20.9 16.3L18.8 14.2L19.8 13.2C19.9 13.1 20 13 20.2 13M20.2 16.9L14.1 23H12V20.9L18.1 14.8L20.2 16.9Z\"><\/path><\/svg><\/div><\/div>\n\n\n\n<p class=\"has-text-align-center\" style=\"font-style:normal;font-weight:500;line-height:1.2\">Contractaci\u00f3n<br>online<\/p>\n<\/div>\n<\/div>\n<\/div>\n<\/div>\n<\/div>\n\n\n\n<div class=\"wp-block-group mobile-none is-layout-flow wp-block-group-is-layout-flow\" style=\"padding-top:60px;padding-bottom:60px\">\n<h2 class=\"wp-block-heading has-text-align-center has-x-large-font-size\" style=\"margin-top:30px;margin-bottom:30px;font-style:normal;font-weight:700\"><mark style=\"background-color:rgba(0, 0, 0, 0)\" class=\"has-inline-color has-primary-color\">Contacta con nosotros<\/mark><\/h2>\n\n\n\n<div class=\"wp-block-columns is-layout-flex wp-container-25 wp-block-columns-is-layout-flex\">\n<div class=\"wp-block-column is-layout-flow wp-block-column-is-layout-flow\"><div class=\"gb-button-wrapper gb-button-wrapper-3a8d1faf\">\n\n<a class=\"gb-button gb-button-95c3072e\" href=\"tel:+34931890902\" target=\"_blank\" rel=\"noopener noreferrer\"><span class=\"gb-icon\"><svg viewBox=\"0 0 24 24\">     <path d=\"M6.62,10.79C8.06,13.62 10.38,15.94 13.21,17.38L15.41,15.18C15.69,14.9 16.08,14.82 16.43,14.93C17.55,15.3 18.75,15.5 20,15.5A1,1 0 0,1 21,16.5V20A1,1 0 0,1 20,21A17,17 0 0,1 3,4A1,1 0 0,1 4,3H7.5A1,1 0 0,1 8.5,4C8.5,5.25 8.7,6.45 9.07,7.57C9.18,7.92 9.1,8.31 8.82,8.59L6.62,10.79Z\" fill=\"currentColor\"><\/path> <\/svg><\/span><span class=\"gb-button-text\">931 890 902<\/span><\/a>\n\n<\/div><\/div>\n\n\n\n<div class=\"wp-block-column is-layout-flow wp-block-column-is-layout-flow\"><div class=\"gb-button-wrapper gb-button-wrapper-c3b43eba\">\n\n<a class=\"gb-button gb-button-1161170b\" href=\"https:\/\/wa.me\/34614294086?text=Hola,%20quiero%20mas%20informaci%C3%B3n\" target=\"_blank\" rel=\"noopener noreferrer nofollow\"><span class=\"gb-icon\"><svg viewBox=\"0 0 24 24\">     <path d=\"M12.04 2C6.58 2 2.13 6.45 2.13 11.91C2.13 13.66 2.59 15.36 3.45 16.86L2.05 22L7.3 20.62C8.75 21.41 10.38 21.83 12.04 21.83C17.5 21.83 21.95 17.38 21.95 11.92C21.95 9.27 20.92 6.78 19.05 4.91C17.18 3.03 14.69 2 12.04 2M12.05 3.67C14.25 3.67 16.31 4.53 17.87 6.09C19.42 7.65 20.28 9.72 20.28 11.92C20.28 16.46 16.58 20.15 12.04 20.15C10.56 20.15 9.11 19.76 7.85 19L7.55 18.83L4.43 19.65L5.26 16.61L5.06 16.29C4.24 15 3.8 13.47 3.8 11.91C3.81 7.37 7.5 3.67 12.05 3.67M8.53 7.33C8.37 7.33 8.1 7.39 7.87 7.64C7.65 7.89 7 8.5 7 9.71C7 10.93 7.89 12.1 8 12.27C8.14 12.44 9.76 14.94 12.25 16C12.84 16.27 13.3 16.42 13.66 16.53C14.25 16.72 14.79 16.69 15.22 16.63C15.7 16.56 16.68 16.03 16.89 15.45C17.1 14.87 17.1 14.38 17.04 14.27C16.97 14.17 16.81 14.11 16.56 14C16.31 13.86 15.09 13.26 14.87 13.18C14.64 13.1 14.5 13.06 14.31 13.3C14.15 13.55 13.67 14.11 13.53 14.27C13.38 14.44 13.24 14.46 13 14.34C12.74 14.21 11.94 13.95 11 13.11C10.26 12.45 9.77 11.64 9.62 11.39C9.5 11.15 9.61 11 9.73 10.89C9.84 10.78 10 10.6 10.1 10.45C10.23 10.31 10.27 10.2 10.35 10.04C10.43 9.87 10.39 9.73 10.33 9.61C10.27 9.5 9.77 8.26 9.56 7.77C9.36 7.29 9.16 7.35 9 7.34C8.86 7.34 8.7 7.33 8.53 7.33Z\" fill=\"currentColor\"><\/path> <\/svg><\/span><span class=\"gb-button-text\">614 294 086<\/span><\/a>\n\n<\/div><\/div>\n\n\n\n<div class=\"wp-block-column is-layout-flow wp-block-column-is-layout-flow\"><div class=\"gb-button-wrapper gb-button-wrapper-173ee9c5\">\n\n<a class=\"gb-button gb-button-0dc79f10\" href=\"https:\/\/trastis.com\/es\/contacto\/\" target=\"_blank\" rel=\"noopener noreferrer\"><span class=\"gb-icon\"><svg viewBox=\"0 0 24 24\">     <path d=\"M15,4A8,8 0 0,1 23,12A8,8 0 0,1 15,20A8,8 0 0,1 7,12A8,8 0 0,1 15,4M15,6A6,6 0 0,0 9,12A6,6 0 0,0 15,18A6,6 0 0,0 21,12A6,6 0 0,0 15,6M14,8H15.5V11.78L17.83,14.11L16.77,15.17L14,12.4V8M2,18A1,1 0 0,1 1,17A1,1 0 0,1 2,16H5.83C6.14,16.71 6.54,17.38 7,18H2M3,13A1,1 0 0,1 2,12A1,1 0 0,1 3,11H5.05L5,12L5.05,13H3M4,8A1,1 0 0,1 3,7A1,1 0 0,1 4,6H7C6.54,6.62 6.14,7.29 5.83,8H4Z\" fill=\"currentColor\"><\/path> <\/svg><\/span><span class=\"gb-button-text\">Visitar ahora<\/span><\/a>\n\n<\/div><\/div>\n<\/div>\n<\/div>\n\n\n\n<div class=\"wp-block-group alignfull is-layout-flow wp-block-group-is-layout-flow\" id=\"proba\" style=\"padding-top:30px;padding-bottom:30px\">\n<div class=\"wp-block-group is-layout-constrained wp-block-group-is-layout-constrained\">\n<div style=\"height:60px\" aria-hidden=\"true\" class=\"wp-block-spacer\"><\/div>\n\n\n\n<h2 class=\"wp-block-heading has-text-align-center has-x-large-font-size\" style=\"margin-top:30px;margin-bottom:30px;font-style:normal;font-weight:700\"><mark style=\"background-color:rgba(0, 0, 0, 0)\" class=\"has-inline-color has-primary-color\">Visita ahora los trasteros de muestra<\/mark><\/h2>\n\n\n\n<p>Visita los trasteros de muestra cualquier d\u00eda. Te mandaremos por email instant\u00e1neamente un c\u00f3digo de acceso provisional para que puedas acceder al centro y visitar <strong>trasteros de muestra<\/strong> de diferentes tama\u00f1os. As\u00ed te podr\u00e1s hacer una idea del que m\u00e1s se adapta a ti. Horario de acceso de 9:00-20:00<\/p>\n\n\n\n<div style=\"height:60px\" aria-hidden=\"true\" class=\"wp-block-spacer\"><\/div>\n\n\n\n<div class=\"wp-block-group is-layout-flow wp-block-group-is-layout-flow\">\n<script src=\"https:\/\/crm.zoho.com\/crm\/WebFormServeServlet?rid=6e47bd1d0c94aaf8f84dbc7e48a77d3904d8f1a9eb456f6da88c06a7d628cecfgidaeb774e5e28f1636418c53fc89456d56f5f15b0a3b63959ea7458c05c1efc85c&amp;script=$sYG\"><\/script>\n<\/div>\n<\/div>\n<\/div>\n\n\n\n<div class=\"wp-block-group alignfull has-background is-layout-flow wp-block-group-is-layout-flow\" id=\"informacio\" style=\"background-color:#eeeeee;padding-top:30px;padding-bottom:30px\">\n<div class=\"wp-block-group is-layout-constrained wp-block-group-is-layout-constrained\">\n<h3 class=\"wp-block-heading\">\u00bfPor qu\u00e9 alquilar con nosotros?<\/h3>\n\n\n\n<p>Todos nuestros centros est\u00e1n situados en el centro urbano en zonas de f\u00e1cil acceso. Queremos que tengas un centro muy cerca de tu casa y puedas desplazarte caminando. Nuestros centros son modernos, amplios y luminosos y disponen de medidas de detecci\u00f3n de incendios y grabaci\u00f3n con c\u00e1maras de seguridad. Se puede acceder las 24 horas del d\u00eda<\/p>\n\n\n\n<h3 class=\"wp-block-heading\">\u00bfCu\u00e1ntos centros de Trastis hay en Sant Joan Desp\u00ed?<\/h3>\n\n\n\n<p>Disponemos de 2 trasteros urbanos Trastis en Sant Joan Desp\u00ed centro. Todos ellos disponen de f\u00e1cil acceso y est\u00e1n situados dentro del casco urbano para que puedas llegar andando.<\/p>\n\n\n\n<h3 class=\"wp-block-heading\">\u00bfQu\u00e9 tama\u00f1os tienen los trasteros en alquiler en Sant Joan Desp\u00ed?<\/h3>\n\n\n\n<p>En Trastis disponemos de trasteros de 1m2 hasta 12m2. Para saber que te vas a cada tama\u00f1o puedes consultar nuestra<a href=\"https:\/\/trastis.com\/es\/guia-de-tamanos-de-trasteros\/\">&nbsp;gu\u00eda de tama\u00f1os de trasteros<\/a>. Tenemos tama\u00f1os que te permiten guardar desde una maleta hasta un piso entero.<\/p>\n\n\n\n<h3 class=\"wp-block-heading\">C\u00f3mo alquilar un trastero<\/h3>\n\n\n\n<p>Si quieres alquilar unos trasteros en Sant Joan Desp\u00ed ponte en contacto con nosotros y te orientaremos sobre el tama\u00f1o de trasteros que m\u00e1s se adapte a tus necesidades. Tambi\u00e9n te indicaremos sobre la ubicaci\u00f3n m\u00e1s cercana a tu casa.<\/p>\n\n\n\n<p>Tanto si quieres el trastero por unos d\u00edas, meses o a\u00f1os, para alquilar un trastero s\u00f3lo necesitaremos tu DNI y un n\u00famero de cuenta corriente para realizarte la domiciliaci\u00f3n.<\/p>\n\n\n\n<h3 class=\"wp-block-heading has-large-font-size\" style=\"margin-top:30px\">Sobre Sant Joan Desp\u00ed<\/h3>\n\n\n\n<p>Sant Joan Desp\u00ed se encuentra en el Baix Llobregat, rodeado por Sant Feliu de Llobregat, Cornell\u00e0 de Llobregat, Esplugues de Llobregat y Sant Just Desvern. Esta localidad ocupa una posici\u00f3n estrat\u00e9gica como centro neur\u00e1lgico de las comunicaciones en Catalu\u00f1a. Es punto de llegada de dos importantes l\u00edneas de ferrocarril: la L\u00ednea Barcelona - Vall\u00e8s de los Ferrocarriles de la Generalidad de Catalu\u00f1a (FGC), y la L\u00ednea Castellbisbal\/El Papiol-Mollet de Adif, gestionada por Cercan\u00edas de Catalu\u00f1a.<\/p>\n\n\n\n<p>Sant Joan Desp\u00ed est\u00e1 bien conectado con el servicio de tranv\u00eda Tram, que ofrece una alternativa de transporte p\u00fablico eficiente y sostenible. Este sistema de tranv\u00eda a\u00fana la localidad con otros municipios de la zona, proporcionando una opci\u00f3n adicional para la movilidad de los ciudadanos.<\/p>\n\n\n\n<p>Sant Joan Desp\u00ed es una ciudad compacta con cerca de 35.000 habitantes ubicada en el \u00e1rea metropolitana de Barcelona.<\/p>\n<\/div>\n<\/div>\n\n\n\n<div class=\"wp-block-group fixed-buttons is-layout-flow wp-block-group-is-layout-flow\" style=\"padding-top:0px;padding-right:0px;padding-bottom:0px;padding-left:0px\">\n<div class=\"wp-block-columns is-not-stacked-on-mobile is-layout-flex wp-container-35 wp-block-columns-is-layout-flex\" style=\"padding-top:0px;padding-right:0px;padding-bottom:0px;padding-left:0px\">\n<div class=\"wp-block-column is-layout-flow wp-block-column-is-layout-flow\" style=\"padding-top:0px;padding-right:0px;padding-bottom:0px;padding-left:0px\"><div class=\"gb-button-wrapper gb-button-wrapper-f8d2f2be\">\n\n<a class=\"gb-button gb-button-78c98fe0\" href=\"tel:+34931890902\" target=\"_blank\" rel=\"noopener noreferrer\"><span class=\"gb-icon\"><svg viewBox=\"0 0 24 24\">     <path d=\"M6.62,10.79C8.06,13.62 10.38,15.94 13.21,17.38L15.41,15.18C15.69,14.9 16.08,14.82 16.43,14.93C17.55,15.3 18.75,15.5 20,15.5A1,1 0 0,1 21,16.5V20A1,1 0 0,1 20,21A17,17 0 0,1 3,4A1,1 0 0,1 4,3H7.5A1,1 0 0,1 8.5,4C8.5,5.25 8.7,6.45 9.07,7.57C9.18,7.92 9.1,8.31 8.82,8.59L6.62,10.79Z\" fill=\"currentColor\"><\/path> <\/svg><\/span><span class=\"gb-button-text\">931 890 902<\/span><\/a>\n\n<\/div><\/div>\n\n\n\n<div class=\"wp-block-column is-layout-flow wp-block-column-is-layout-flow\" style=\"padding-top:0px;padding-right:0px;padding-bottom:0px;padding-left:0px\"><div class=\"gb-button-wrapper gb-button-wrapper-4926a992\">\n\n<a class=\"gb-button gb-button-72cf73d8\" href=\"https:\/\/trastis.com\/es\/visitar-ahora\/\" target=\"_blank\" rel=\"noopener noreferrer\"><span class=\"gb-icon\"><svg aria-hidden=\"true\" role=\"img\" height=\"1em\" width=\"1em\" viewBox=\"0 0 512 512\" xmlns=\"http:\/\/www.w3.org\/2000\/svg\"><path fill=\"currentColor\" d=\"M440 6.5L24 246.4c-34.4 19.9-31.1 70.8 5.7 85.9L144 379.6V464c0 46.4 59.2 65.5 86.6 28.6l43.8-59.1 111.9 46.2c5.9 2.4 12.1 3.6 18.3 3.6 8.2 0 16.3-2.1 23.6-6.2 12.8-7.2 21.6-20 23.9-34.5l59.4-387.2c6.1-40.1-36.9-68.8-71.5-48.9zM192 464v-64.6l36.6 15.1L192 464zm212.6-28.7l-153.8-63.5L391 169.5c10.7-15.5-9.5-33.5-23.7-21.2L155.8 332.6 48 288 464 48l-59.4 387.3z\"><\/path><\/svg><\/span><span class=\"gb-button-text\">VISITAR<\/span><\/a>\n\n<\/div><\/div>\n\n\n\n<div class=\"wp-block-column is-layout-flow wp-block-column-is-layout-flow\" style=\"padding-top:0px;padding-right:0px;padding-bottom:0px;padding-left:0px\"><div class=\"gb-button-wrapper gb-button-wrapper-2f3fad9f\">\n\n<a class=\"gb-button gb-button-00515b0b\" href=\"https:\/\/my.trastis.com\/sites\"><span class=\"gb-icon\"><svg viewBox=\"0 0 24 24\">     <path fill=\"currentColor\" d=\"M15,4A8,8 0 0,1 23,12A8,8 0 0,1 15,20A8,8 0 0,1 7,12A8,8 0 0,1 15,4M15,6A6,6 0 0,0 9,12A6,6 0 0,0 15,18A6,6 0 0,0 21,12A6,6 0 0,0 15,6M14,8H15.5V11.78L17.83,14.11L16.77,15.17L14,12.4V8M2,18A1,1 0 0,1 1,17A1,1 0 0,1 2,16H5.83C6.14,16.71 6.54,17.38 7,18H2M3,13A1,1 0 0,1 2,12A1,1 0 0,1 3,11H5.05L5,12L5.05,13H3M4,8A1,1 0 0,1 3,7A1,1 0 0,1 4,6H7C6.54,6.62 6.14,7.29 5.83,8H4Z\"><\/path> <\/svg><\/span><span class=\"gb-button-text\">Contratar<\/span><\/a>\n\n<\/div><\/div>\n<\/div>\n<\/div>\n","protected":false},"excerpt":{"rendered":"<p>Alquiler de trasteros en Sant Joan Desp\u00ed Nuestros centros Un centro a Sant Joan Desp\u00ed al al lado de tu casa Disponemos de un centro de alquiler de trasteros en Sant Joan Desp\u00ed. Todos nuestros centros tienen ubicaciones urbanas c\u00e9ntricas para que tengas tus cosas siempre a mano y no tengas que desplazarte en veh\u00edculo [&hellip;]<\/p>\n","protected":false},"author":1,"featured_media":3992,"parent":0,"menu_order":4,"comment_status":"closed","ping_status":"closed","template":"","meta":{"footnotes":"","_joinchat":[]},"acf":[],"jetpack_sharing_enabled":true,"_links":{"self":[{"href":"https:\/\/trastis.com\/es\/wp-json\/wp\/v2\/pages\/3419"}],"collection":[{"href":"https:\/\/trastis.com\/es\/wp-json\/wp\/v2\/pages"}],"about":[{"href":"https:\/\/trastis.com\/es\/wp-json\/wp\/v2\/types\/page"}],"author":[{"embeddable":true,"href":"https:\/\/trastis.com\/es\/wp-json\/wp\/v2\/users\/1"}],"replies":[{"embeddable":true,"href":"https:\/\/trastis.com\/es\/wp-json\/wp\/v2\/comments?post=3419"}],"version-history":[{"count":14,"href":"https:\/\/trastis.com\/es\/wp-json\/wp\/v2\/pages\/3419\/revisions"}],"predecessor-version":[{"id":4337,"href":"https:\/\/trastis.com\/es\/wp-json\/wp\/v2\/pages\/3419\/revisions\/4337"}],"wp:featuredmedia":[{"embeddable":true,"href":"https:\/\/trastis.com\/es\/wp-json\/wp\/v2\/media\/3992"}],"wp:attachment":[{"href":"https:\/\/trastis.com\/es\/wp-json\/wp\/v2\/media?parent=3419"}],"curies":[{"name":"wp","href":"https:\/\/api.w.org\/{rel}","templated":true}]}}